{"id":6808,"date":"2025-10-15T13:42:22","date_gmt":"2025-10-15T13:42:22","guid":{"rendered":"https:\/\/catedrajeanmonnet.umh.es\/innovacion-docente-2025-26\/"},"modified":"2026-04-27T15:12:30","modified_gmt":"2026-04-27T15:12:30","slug":"innovacion-docente-2025-26","status":"publish","type":"page","link":"https:\/\/catedrajeanmonnet.umh.es\/en\/innovacion-docente-2025-26\/","title":{"rendered":"innovacion-docente-2025-26"},"content":{"rendered":"<p>[et_pb_section fb_built=&#8221;1&#8243; disabled_on=&#8221;off|off|off&#8221; _builder_version=&#8221;4.17.4&#8243; _module_preset=&#8221;default&#8221; background_image=&#8221;https:\/\/catedrajeanmonnet.umh.es\/files\/2023\/03\/otras-acciones.png&#8221; height=&#8221;325px&#8221; custom_padding=&#8221;8px|||||&#8221; locked=&#8221;off&#8221; global_colors_info=&#8221;{}&#8221;][et_pb_row _builder_version=&#8221;4.17.4&#8243; _module_preset=&#8221;default&#8221; global_colors_info=&#8221;{}&#8221;][et_pb_column type=&#8221;4_4&#8243; _builder_version=&#8221;4.17.4&#8243; _module_preset=&#8221;default&#8221; global_colors_info=&#8221;{}&#8221;][et_pb_text _builder_version=&#8221;4.17.4&#8243; _module_preset=&#8221;default&#8221; global_colors_info=&#8221;{}&#8221;][\/et_pb_text][\/et_pb_column][\/et_pb_row][\/et_pb_section][et_pb_section fb_built=&#8221;1&#8243; _builder_version=&#8221;4.17.4&#8243; _module_preset=&#8221;default&#8221; custom_padding=&#8221;2px||0px||false|false&#8221; locked=&#8221;off&#8221; global_colors_info=&#8221;{}&#8221;][et_pb_row column_structure=&#8221;3_5,1_5,1_5&#8243; _builder_version=&#8221;4.17.4&#8243; _module_preset=&#8221;default&#8221; custom_padding=&#8221;27px||3px||false|false&#8221; global_colors_info=&#8221;{}&#8221;][et_pb_column type=&#8221;3_5&#8243; _builder_version=&#8221;4.17.4&#8243; _module_preset=&#8221;default&#8221; global_colors_info=&#8221;{}&#8221;][et_pb_text _builder_version=&#8221;4.17.4&#8243; _module_preset=&#8221;default&#8221; header_font=&#8221;|700|||||||&#8221; header_text_color=&#8221;#013496&#8243; header_font_size=&#8221;50px&#8221; global_colors_info=&#8221;{}&#8221;]<\/p>\n<h1>Teaching <span style=\"color: #0061f0\">innovation<\/span><\/h1>\n<p>[\/et_pb_text][\/et_pb_column][et_pb_column type=&#8221;1_5&#8243; _builder_version=&#8221;4.17.4&#8243; _module_preset=&#8221;default&#8221; global_colors_info=&#8221;{}&#8221;][et_pb_button button_url=&#8221;https:\/\/twitter.com\/JeanMonnetUmh&#8221; url_new_window=&#8221;on&#8221; button_text=&#8221;Twitter&#8221; button_alignment=&#8221;right&#8221; button_alignment_tablet=&#8221;center&#8221; button_alignment_phone=&#8221;center&#8221; button_alignment_last_edited=&#8221;on|phone&#8221; disabled_on=&#8221;on|on|on&#8221; _builder_version=&#8221;4.17.4&#8243; _module_preset=&#8221;default&#8221; custom_button=&#8221;on&#8221; button_text_color=&#8221;#ffffff&#8221; button_bg_color=&#8221;#0079c4&#8243; button_border_color=&#8221;#000000&#8243; button_border_radius=&#8221;11px&#8221; button_font=&#8221;|600|||||||&#8221; button_icon=&#8221;&#xe094;||divi||400&#8243; button_on_hover=&#8221;off&#8221; button_text_shadow_style=&#8221;preset2&#8243; disabled=&#8221;on&#8221; global_colors_info=&#8221;{}&#8221;][\/et_pb_button][\/et_pb_column][et_pb_column type=&#8221;1_5&#8243; _builder_version=&#8221;4.17.4&#8243; _module_preset=&#8221;default&#8221; global_colors_info=&#8221;{}&#8221;][et_pb_button button_url=&#8221;https:\/\/www.instagram.com\/jeanmonnetumh\/&#8221; url_new_window=&#8221;on&#8221; button_text=&#8221;Instagram&#8221; button_alignment=&#8221;center&#8221; disabled_on=&#8221;on|on|on&#8221; _builder_version=&#8221;4.17.4&#8243; _module_preset=&#8221;default&#8221; custom_button=&#8221;on&#8221; button_text_color=&#8221;#ffffff&#8221; button_bg_color=&#8221;#0079c4&#8243; button_bg_use_color_gradient=&#8221;on&#8221; button_bg_color_gradient_stops=&#8221;#d82ba7 0%|#e09900 100%&#8221; button_border_color=&#8221;#000000&#8243; button_border_radius=&#8221;11px&#8221; button_font=&#8221;|600|||||||&#8221; button_icon=&#8221;&#xe09a;||divi||400&#8243; button_on_hover=&#8221;off&#8221; button_text_shadow_style=&#8221;preset2&#8243; disabled=&#8221;on&#8221; global_colors_info=&#8221;{}&#8221;][\/et_pb_button][et_pb_social_media_follow _builder_version=&#8221;4.17.4&#8243; _module_preset=&#8221;default&#8221; width=&#8221;100%&#8221; max_width=&#8221;100%&#8221; global_colors_info=&#8221;{}&#8221;][et_pb_social_media_follow_network social_network=&#8221;twitter&#8221; url=&#8221;https:\/\/twitter.com\/JeanMonnetUmh&#8221; use_icon_font_size=&#8221;on&#8221; icon_font_size=&#8221;27px&#8221; _builder_version=&#8221;4.17.4&#8243; _module_preset=&#8221;default&#8221; background_color=&#8221;#000000&#8243; background_enable_color=&#8221;on&#8221; custom_button=&#8221;on&#8221; button_text_size=&#8221;35px&#8221; border_radii=&#8221;on|9px|9px|9px|9px&#8221; border_width_all=&#8221;3px&#8221; border_color_all=&#8221;#000000&#8243; global_colors_info=&#8221;{}&#8221; follow_button=&#8221;off&#8221; url_new_window=&#8221;on&#8221;]twitter[\/et_pb_social_media_follow_network][et_pb_social_media_follow_network social_network=&#8221;instagram&#8221; url=&#8221;https:\/\/www.instagram.com\/jeanmonnetumh\/&#8221; use_icon_font_size=&#8221;on&#8221; icon_font_size=&#8221;27px&#8221; _builder_version=&#8221;4.17.4&#8243; _module_preset=&#8221;default&#8221; background_color=&#8221;#ea2c59&#8243; custom_button=&#8221;on&#8221; button_text_size=&#8221;35px&#8221; border_radii=&#8221;on|9px|9px|9px|9px&#8221; border_width_all=&#8221;3px&#8221; border_color_all=&#8221;#000000&#8243; global_colors_info=&#8221;{}&#8221; follow_button=&#8221;off&#8221; url_new_window=&#8221;on&#8221;]instagram[\/et_pb_social_media_follow_network][\/et_pb_social_media_follow][\/et_pb_column][\/et_pb_row][et_pb_row _builder_version=&#8221;4.17.4&#8243; _module_preset=&#8221;default&#8221; custom_padding=&#8221;||0px|||&#8221; global_colors_info=&#8221;{}&#8221;][et_pb_column type=&#8221;4_4&#8243; _builder_version=&#8221;4.17.4&#8243; _module_preset=&#8221;default&#8221; global_colors_info=&#8221;{}&#8221;][et_pb_text _builder_version=&#8221;4.17.4&#8243; _module_preset=&#8221;default&#8221; header_2_font=&#8221;|600|||||||&#8221; header_2_text_color=&#8221;#000000&#8243; header_2_font_size=&#8221;35px&#8221; global_colors_info=&#8221;{}&#8221;]<\/p>\n<h2>OTHER ACTIONS 2025\/2026<\/h2>\n<p>[\/et_pb_text][et_pb_toggle title=&#8221;PUBLIC INTERNATIONAL LAW THROUGH CINEMA: A \u201cBLOCKBUSTER\u201d STATE? (PIEU-B\/2025\/83)&#8221; open_toggle_text_color=&#8221;#0C71C3&#8243; open_toggle_background_color=&#8221;#FFFFFF&#8221; closed_toggle_background_color=&#8221;#0061f0&#8243; icon_color=&#8221;#FFFFFF&#8221; disabled_on=&#8221;off|off|off&#8221; _builder_version=&#8221;4.17.4&#8243; _module_preset=&#8221;default&#8221; title_text_color=&#8221;#FFFFFF&#8221; title_font=&#8221;|600|||||||&#8221; title_font_size=&#8221;20px&#8221; body_font_size=&#8221;19px&#8221; custom_margin=&#8221;-30px||||false|false&#8221; border_width_bottom=&#8221;3px&#8221; border_color_bottom=&#8221;#FFFFFF&#8221; global_colors_info=&#8221;{}&#8221;]<\/p>\n<p style=\"text-align: justify\"><img loading=\"lazy\" src=\"https:\/\/catedrajeanmonnet.umh.es\/files\/2025\/10\/Cartel-PIEU-Estado-724x1024.png\" width=\"498\" height=\"704\" alt=\"\" class=\"wp-image-6859 alignleft size-large\" \/>In October, the UMH&#8217;s Department of Public International Law and International Relations launched the teaching innovation project <b><i>Public International Law through Film: A Movie-Worthy State?<\/i><\/b>, PIEU-B\/2025\/83, with funding from the UMH Vice Rectorate for Studies (PIEU-UMH 2025-2026 University Teaching Innovation Program).<\/p>\n<p style=\"text-align: justify\">The project, <strong>coordinated<\/strong> by <em>Prof. Adela Rodr\u00edguez Ma\u00f1ogil<\/em>, a member of the UMH <em>Jean Monnet Chair<\/em> <em>ReinforcEU<\/em>, aimed to promote the study of part of the Public International Law course program, using teaching tools such as film and gamification.<\/p>\n<p style=\"text-align: justify\">The project\u2019s teaching staff also includes professors from the Department of Public International Law and International Relations <em>Elena Crespo Navarro<\/em>,<em> Roc\u00edo M. Pozo Tom\u00e1s <\/em>and <em>Teresa Vidal Coves<\/em>.<\/p>\n<p style=\"text-align: justify\">The activity was carried out with students enrolled in the <i>Public International Law<\/i> course on <b>October 8 and 22<\/b> with <b>fourth-year<\/b> students in the Double Degree in Law and Business Administration and Management (<b>DADE<\/b>) and on <b>October 20 and 27<\/b> with the <b>second-year<\/b> group in the <b>Law<\/b> Degree.<\/p>\n<p style=\"text-align: justify\"><a href=\"https:\/\/catedrajeanmonnet.umh.es\/files\/2025\/10\/Folleto-PIEU-Estado.pdf\">PIEU ACTIVITY BROCHURE<\/a><\/p>\n<p style=\"text-align: justify\"><strong>INFORMATION ON X AND INSTAGRAM: @JeanMonnetUmh<\/strong><\/p>\n<p style=\"text-align: justify\"><strong><\/strong><\/p>\n<p style=\"text-align: justify\"><strong><\/strong><\/p>\n<p style=\"text-align: justify\"><strong><\/strong><\/p>\n<p style=\"text-align: justify\"><strong><\/strong><\/p>\n<p style=\"text-align: justify\"><strong><\/strong><\/p>\n<p style=\"text-align: justify\"><strong>VIDEO SESSIONS DADE:<\/strong><\/p>\n<div style=\"width: 1080px;\" class=\"wp-video\"><!--[if lt IE 9]><script>document.createElement('video');<\/script><![endif]-->\n<video class=\"wp-video-shortcode\" id=\"video-6808-1\" width=\"1080\" height=\"608\" preload=\"metadata\" controls=\"controls\"><source type=\"video\/mp4\" src=\"https:\/\/catedrajeanmonnet.umh.es\/files\/2025\/10\/Sesiones-DADE-horizontal-El-Derecho-Internacional-Publico-a-traves-del-cine-\u00bfun-Estado-de-pelicula.mp4?_=1\" \/><a href=\"https:\/\/catedrajeanmonnet.umh.es\/files\/2025\/10\/Sesiones-DADE-horizontal-El-Derecho-Internacional-Publico-a-traves-del-cine-\u00bfun-Estado-de-pelicula.mp4\">https:\/\/catedrajeanmonnet.umh.es\/files\/2025\/10\/Sesiones-DADE-horizontal-El-Derecho-Internacional-Publico-a-traves-del-cine-\u00bfun-Estado-de-pelicula.mp4<\/a><\/video><\/div>\n<p><strong>VIDEO SESSIONS LAW:<\/strong><\/p>\n<div style=\"width: 1080px;\" class=\"wp-video\"><video class=\"wp-video-shortcode\" id=\"video-6808-2\" width=\"1080\" height=\"608\" preload=\"metadata\" controls=\"controls\"><source type=\"video\/mp4\" src=\"https:\/\/catedrajeanmonnet.umh.es\/files\/2025\/10\/Video-de-WhatsApp-2025-10-30-a-las-17.44.55_5c8e611d-1.mp4?_=2\" \/><a href=\"https:\/\/catedrajeanmonnet.umh.es\/files\/2025\/10\/Video-de-WhatsApp-2025-10-30-a-las-17.44.55_5c8e611d-1.mp4\">https:\/\/catedrajeanmonnet.umh.es\/files\/2025\/10\/Video-de-WhatsApp-2025-10-30-a-las-17.44.55_5c8e611d-1.mp4<\/a><\/video><\/div>\n<p>[\/et_pb_toggle][et_pb_toggle title=&#8221;DEBATE ON ARTIFICIAL INTELLIGENCE AT THE UN GENERAL ASSEMBLY (PRODIC 2025-2026, FIRST PART)&#8221; open_toggle_text_color=&#8221;#0C71C3&#8243; open_toggle_background_color=&#8221;#FFFFFF&#8221; closed_toggle_background_color=&#8221;#0061f0&#8243; icon_color=&#8221;#FFFFFF&#8221; disabled_on=&#8221;off|off|off&#8221; _builder_version=&#8221;4.17.4&#8243; _module_preset=&#8221;default&#8221; title_text_color=&#8221;#FFFFFF&#8221; title_font=&#8221;|600|||||||&#8221; title_font_size=&#8221;20px&#8221; body_font_size=&#8221;19px&#8221; custom_margin=&#8221;-30px||||false|false&#8221; border_width_bottom=&#8221;3px&#8221; border_color_bottom=&#8221;#FFFFFF&#8221; global_colors_info=&#8221;{}&#8221;]<\/p>\n<p style=\"text-align: justify\"><img loading=\"lazy\" src=\"https:\/\/catedrajeanmonnet.umh.es\/files\/2025\/10\/Copia-de-Copia-de-CARTEL-PRODIC-2025-26-1-724x1024.png\" width=\"540\" height=\"764\" alt=\"\" class=\"wp-image-6865 alignleft size-large\" \/><\/p>\n<p style=\"text-align: justify\">Between October and November 2025, we held the <b>Interuniversity Seminar<\/b> <b>: <i>Debate on Artificial Intelligence at the UN Assembly<\/i>.<\/b><\/p>\n<p style=\"text-align: justify\">The seminar was developed as the first part of the PRODIC Project, <b>coordinated<\/b> by Prof. <i><em>Dr. Elena Crespo Navarro<\/em><\/i>, Professor of Public International Law and International Relations at the UMH, and was funded by the Vice-Rectorate for International Relations and Cooperation within the framework of the <b>PRODIC-UMH 2025-2026<\/b> Teaching Projects for Internationalization at Home Program.<\/p>\n<p style=\"text-align: justify\">The <b>objective <\/b>is to study <i>Public international law<\/i> from a practical perspective, using an interactive and collaborative methodology through the use of gamification tools (<i>Kahoot<\/i> and <i>Escape room<\/i>) and simulation. Specifically, we simulated a regular session of the UN General Assembly in which \u201cArtificial Intelligence and Human Rights\u201d was debated, culminating in the students jointly and collaboratively drafting a final consensus resolution.<\/p>\n<p style=\"text-align: justify\"><strong>Participating<\/strong> in the seminar were fourth-year students of the double degree in DADE, who worked alongside students from the <b>Italian universities of Perugia and Cagliari<\/b>, under the supervision of professors of public international law and European Union law from those universities: <i><em>Prof. Elena Crespo Navarro<\/em><\/i> (UMH)<i>,<\/i> <i>Prof. Dr. Simone Vezzani<\/i>\/<i>Prof. Dr. Maria Cristina Carta<\/i> (University of Perugia), and <i>Prof. Dr. Francesca Ippolito<\/i> (University of Cagliari).<\/p>\n<p style=\"text-align: justify\">The activity took place over <b>three sessions<\/b> (<b>October 20, November 3 and 5, 2025)<\/b>, <b>moderated<\/b> by professors from the UMH&#8217;s Department of Public International Law and International Relations and members of the UMH Jean Monnet Chair <i>ReinforcEU<\/i> team: Adela Rodr\u00edguez Ma\u00f1ogil (Assistant Professor); Roc\u00edo M. Pozo Tom\u00e1s (pre-doctoral fellow), and Alessandra Nasoni (honorary collaborator).<\/p>\n<p style=\"text-align: justify\">All information about the project can be found on its own <a href=\"https:\/\/sites.google.com\/goumh.umh.es\/proyectoprodicumh2025-2026\/inicio\"><strong>WEBSITE<\/strong><\/a><\/p>\n<p style=\"text-align: justify\"><strong><\/strong><\/p>\n<p style=\"text-align: justify\"><strong><img loading=\"lazy\" src=\"https:\/\/catedrajeanmonnet.umh.es\/files\/2025\/10\/Copia-de-Copia-de-CARTEL-PRODIC-2025-26-2-724x1024.png\" width=\"527\" height=\"745\" alt=\"\" class=\"wp-image-6853 aligncenter size-large\" \/><\/strong><\/p>\n<p style=\"text-align: justify\"><strong>X AND INSTAGRAM: @JeanMonnetUmM<\/strong><\/p>\n<p style=\"text-align: justify\"><a href=\"https:\/\/comunicacion.umh.es\/2025\/11\/17\/estudiantes-participan-en-un-seminario-practico-dedicado-a-simular-una-sesion-sobre-ia-y-derechos-humanos\/\"><strong>Press release from the UMH communications service<\/strong><\/a><\/p>\n<p>&nbsp;<\/p>\n<div style=\"width: 1080px;\" class=\"wp-video\"><video class=\"wp-video-shortcode\" id=\"video-6808-3\" width=\"1080\" height=\"608\" preload=\"metadata\" controls=\"controls\"><source type=\"video\/mp4\" src=\"https:\/\/catedrajeanmonnet.umh.es\/files\/2025\/11\/REDES-SOCIALES-PRODIC-HORIZONTAL.mp4?_=3\" \/><a href=\"https:\/\/catedrajeanmonnet.umh.es\/files\/2025\/11\/REDES-SOCIALES-PRODIC-HORIZONTAL.mp4\">https:\/\/catedrajeanmonnet.umh.es\/files\/2025\/11\/REDES-SOCIALES-PRODIC-HORIZONTAL.mp4<\/a><\/video><\/div>\n<p>&nbsp;<\/p>\n<p>&nbsp;<\/p>\n<p>[\/et_pb_toggle][et_pb_toggle title=&#8221;DEBATE ON ARTIFICIAL INTELLIGENCE AND HUMAN RIGHTS IN THE EUROPEAN PARLIAMENT (PRODIC 2025-2026, SECOND PART)&#8221; open_toggle_text_color=&#8221;#0C71C3&#8243; open_toggle_background_color=&#8221;#FFFFFF&#8221; closed_toggle_background_color=&#8221;#0061f0&#8243; icon_color=&#8221;#FFFFFF&#8221; disabled_on=&#8221;off|off|off&#8221; _builder_version=&#8221;4.17.4&#8243; _module_preset=&#8221;default&#8221; title_text_color=&#8221;#FFFFFF&#8221; title_font=&#8221;|600|||||||&#8221; title_font_size=&#8221;20px&#8221; body_font_size=&#8221;19px&#8221; custom_margin=&#8221;-30px||||false|false&#8221; hover_enabled=&#8221;0&#8243; border_width_bottom=&#8221;3px&#8221; border_color_bottom=&#8221;#FFFFFF&#8221; global_colors_info=&#8221;{}&#8221; sticky_enabled=&#8221;0&#8243;]<\/p>\n<p><img loading=\"lazy\" src=\"https:\/\/catedrajeanmonnet.umh.es\/files\/2026\/04\/CARTEL-PRODIC-2025-26-SEGUNDA-PARTE-6-724x1024.jpg\" width=\"462\" height=\"653\" alt=\"\" class=\"wp-image-7406 alignleft size-large\" \/><\/p>\n<p style=\"text-align: justify\">In April and May 2026, we held the <strong>Inter-university Seminar: <em>Debate on Artificial Intelligence and Human Rights at the European Parliament <\/em>(PRODIC 2025\u201326, Part Two)<\/strong>.<\/p>\n<p style=\"text-align: justify\">This activity is part of the PRODIC project, coordinated by <em>Prof. Elena Crespo Navarro<\/em>, Associate Professor of Public International Law and International Relations at the UMH, and is therefore funded by the Vice-Rectorate for International Relations and Cooperation under the <strong>PRODIC-UMH 2025-2026 Internationalisation at Home<\/strong> <strong>Teaching Projects Programme.<\/strong><\/p>\n<p style=\"text-align: justify\">The <strong>objective<\/strong> of this second part is to examine selected topics from the <em>European Union Law<\/em> programme from a practical perspective. To this end, we adopt an interactive and collaborative methodology, using flipped classroom techniques and gamification tools <em>(Kahoot and Escape Room<\/em>), as well as simulation exercises. Specifically, we simulate a plenary session of the European Parliament in which the topic under debate is \u201cArtificial Intelligence and Human Rights\u201d.<\/p>\n<p style=\"text-align: justify\"><strong>THE SEMINAR IS ATTENDED<\/strong> <strong>BY<\/strong> 4th-year students on the UMH\u2019s Double Degree in Law and Business Administration (DADE), who will work alongside students from the <strong>Italian universities of Perugia and Florence<\/strong>, under the academic supervision of their respective lecturers in Public International Law and European Union Law: <em>Prof. Elena Crespo Navarro<\/em> (UMH),<em> Prof. Simone Vezzani<\/em>, <em>Prof. Dr. Maria Cristina Carta <\/em>y <em>Prof. Cristiana Angelini<\/em> (University of Perugia) and <em>Prof. Monica Parodi<\/em> (University of Florence).<\/p>\n<p style=\"text-align: justify\">The activity will take place over <strong>three sessions (April, 27 and 28 and May, 5 2026)<\/strong>. The sessions are moderated by faculty members from the Area of Public International Law and International Relations at UMH, who are also members of the UMH Jean Monnet Chair ReinforcEU team: Adela Rodr\u00edguez Ma\u00f1ogil (Assistant Professor), Roc\u00edo M. Pozo Tom\u00e1s (Predoctoral Research Fellow), and Alessandra Nasoni (Substitute Professor).<\/p>\n<p style=\"text-align: justify\">All information about the project is available on its own <a href=\"https:\/\/sites.google.com\/goumh.umh.es\/proyectoprodicumh2025-2026\/inicio\"><strong>WEBSITE<\/strong><\/a><\/p>\n<p style=\"text-align: justify\"><strong>X AND INSTAGRAM: @JeanMonnetUMM<\/strong><\/p>\n<p style=\"text-align: justify\"><strong><\/strong><\/p>\n<p style=\"text-align: justify\"><strong><img loading=\"lazy\" src=\"https:\/\/catedrajeanmonnet.umh.es\/files\/2026\/04\/CARTEL-PRODIC-2025-26-SEGUNDA-PARTE-7-724x1024.jpg\" width=\"407\" height=\"576\" alt=\"\" class=\"wp-image-7412 aligncenter size-large\" \/><\/strong><\/p>\n<p>&nbsp;<\/p>\n<p>[\/et_pb_toggle][\/et_pb_column][\/et_pb_row][\/et_pb_section]<\/p>\n","protected":false},"excerpt":{"rendered":"<p>Teaching innovationtwitterinstagramOTHER ACTIONS 2025\/2026In October, the UMH&#8217;s Department of Public International Law and International Relations launched the teaching innovation project Public International Law through Film: A Movie-Worthy State?, PIEU-B\/2025\/83, with funding from the UMH Vice Rectorate for Studies (PIEU-UMH 2025-2026 University Teaching Innovation Program). The project, coordinated by Prof. Adela Rodr\u00edguez Ma\u00f1ogil, a member of [&hellip;]<\/p>\n","protected":false},"author":3782,"featured_media":0,"parent":0,"menu_order":0,"comment_status":"closed","ping_status":"closed","template":"","meta":{"_et_pb_use_builder":"on","_et_pb_old_content":"","_et_gb_content_width":"","_links_to":"","_links_to_target":""},"_links":{"self":[{"href":"https:\/\/catedrajeanmonnet.umh.es\/en\/wp-json\/wp\/v2\/pages\/6808"}],"collection":[{"href":"https:\/\/catedrajeanmonnet.umh.es\/en\/wp-json\/wp\/v2\/pages"}],"about":[{"href":"https:\/\/catedrajeanmonnet.umh.es\/en\/wp-json\/wp\/v2\/types\/page"}],"author":[{"embeddable":true,"href":"https:\/\/catedrajeanmonnet.umh.es\/en\/wp-json\/wp\/v2\/users\/3782"}],"replies":[{"embeddable":true,"href":"https:\/\/catedrajeanmonnet.umh.es\/en\/wp-json\/wp\/v2\/comments?post=6808"}],"version-history":[{"count":0,"href":"https:\/\/catedrajeanmonnet.umh.es\/en\/wp-json\/wp\/v2\/pages\/6808\/revisions"}],"wp:attachment":[{"href":"https:\/\/catedrajeanmonnet.umh.es\/en\/wp-json\/wp\/v2\/media?parent=6808"}],"curies":[{"name":"wp","href":"https:\/\/api.w.org\/{rel}","templated":true}]}}