{"id":6793,"date":"2025-10-15T13:38:27","date_gmt":"2025-10-15T13:38:27","guid":{"rendered":"https:\/\/catedrajeanmonnet.umh.es\/colaboradores-2025-26\/"},"modified":"2026-04-06T07:55:50","modified_gmt":"2026-04-06T07:55:50","slug":"colaboradores-2025-26","status":"publish","type":"page","link":"https:\/\/catedrajeanmonnet.umh.es\/en\/colaboradores-2025-26\/","title":{"rendered":"colaboradores-2025-26"},"content":{"rendered":"<p>[et_pb_section fb_built=&#8221;1&#8243; disabled_on=&#8221;off|off|off&#8221; _builder_version=&#8221;4.17.4&#8243; _module_preset=&#8221;default&#8221; background_image=&#8221;https:\/\/catedrajeanmonnet.umh.es\/files\/2023\/03\/otras-acciones.png&#8221; height=&#8221;325px&#8221; custom_padding=&#8221;8px|||||&#8221; locked=&#8221;off&#8221; global_colors_info=&#8221;{}&#8221;][et_pb_row _builder_version=&#8221;4.17.4&#8243; _module_preset=&#8221;default&#8221; global_colors_info=&#8221;{}&#8221;][et_pb_column type=&#8221;4_4&#8243; _builder_version=&#8221;4.17.4&#8243; _module_preset=&#8221;default&#8221; global_colors_info=&#8221;{}&#8221;][et_pb_text _builder_version=&#8221;4.17.4&#8243; _module_preset=&#8221;default&#8221; global_colors_info=&#8221;{}&#8221;][\/et_pb_text][\/et_pb_column][\/et_pb_row][\/et_pb_section][et_pb_section fb_built=&#8221;1&#8243; _builder_version=&#8221;4.17.4&#8243; _module_preset=&#8221;default&#8221; custom_padding=&#8221;2px||0px||false|false&#8221; locked=&#8221;off&#8221; global_colors_info=&#8221;{}&#8221;][et_pb_row column_structure=&#8221;3_5,1_5,1_5&#8243; _builder_version=&#8221;4.17.4&#8243; _module_preset=&#8221;default&#8221; custom_padding=&#8221;27px||3px||false|false&#8221; global_colors_info=&#8221;{}&#8221;][et_pb_column type=&#8221;3_5&#8243; _builder_version=&#8221;4.17.4&#8243; _module_preset=&#8221;default&#8221; global_colors_info=&#8221;{}&#8221;][et_pb_text disabled_on=&#8221;on|off|off&#8221; _builder_version=&#8221;4.17.4&#8243; _module_preset=&#8221;default&#8221; header_font=&#8221;|700|||||||&#8221; header_text_color=&#8221;#013496&#8243; header_font_size=&#8221;50px&#8221; global_colors_info=&#8221;{}&#8221;]<\/p>\n<h1>COLABORATIONS<\/h1>\n<p>[\/et_pb_text][et_pb_text disabled_on=&#8221;off|on|on&#8221; _builder_version=&#8221;4.17.4&#8243; _module_preset=&#8221;default&#8221; header_font=&#8221;|700|||||||&#8221; header_text_color=&#8221;#013496&#8243; global_colors_info=&#8221;{}&#8221;]<\/p>\n<h1>COLABORACIONES<\/h1>\n<p>[\/et_pb_text][\/et_pb_column][et_pb_column type=&#8221;1_5&#8243; _builder_version=&#8221;4.17.4&#8243; _module_preset=&#8221;default&#8221; global_colors_info=&#8221;{}&#8221;][et_pb_button button_url=&#8221;https:\/\/twitter.com\/JeanMonnetUmh&#8221; url_new_window=&#8221;on&#8221; button_text=&#8221;Twitter&#8221; button_alignment=&#8221;right&#8221; button_alignment_tablet=&#8221;center&#8221; button_alignment_phone=&#8221;center&#8221; button_alignment_last_edited=&#8221;on|phone&#8221; disabled_on=&#8221;on|on|on&#8221; _builder_version=&#8221;4.17.4&#8243; _module_preset=&#8221;default&#8221; custom_button=&#8221;on&#8221; button_text_color=&#8221;#ffffff&#8221; button_bg_color=&#8221;#0079c4&#8243; button_border_color=&#8221;#000000&#8243; button_border_radius=&#8221;11px&#8221; button_font=&#8221;|600|||||||&#8221; button_icon=&#8221;&#xe094;||divi||400&#8243; button_on_hover=&#8221;off&#8221; button_text_shadow_style=&#8221;preset2&#8243; disabled=&#8221;on&#8221; global_colors_info=&#8221;{}&#8221;][\/et_pb_button][\/et_pb_column][et_pb_column type=&#8221;1_5&#8243; _builder_version=&#8221;4.17.4&#8243; _module_preset=&#8221;default&#8221; global_colors_info=&#8221;{}&#8221;][et_pb_button button_url=&#8221;https:\/\/www.instagram.com\/jeanmonnetumh\/&#8221; url_new_window=&#8221;on&#8221; button_text=&#8221;Instagram&#8221; button_alignment=&#8221;center&#8221; disabled_on=&#8221;on|on|on&#8221; _builder_version=&#8221;4.17.4&#8243; _module_preset=&#8221;default&#8221; custom_button=&#8221;on&#8221; button_text_color=&#8221;#ffffff&#8221; button_bg_color=&#8221;#0079c4&#8243; button_bg_use_color_gradient=&#8221;on&#8221; button_bg_color_gradient_stops=&#8221;#d82ba7 0%|#e09900 100%&#8221; button_border_color=&#8221;#000000&#8243; button_border_radius=&#8221;11px&#8221; button_font=&#8221;|600|||||||&#8221; button_icon=&#8221;&#xe09a;||divi||400&#8243; button_on_hover=&#8221;off&#8221; button_text_shadow_style=&#8221;preset2&#8243; disabled=&#8221;on&#8221; global_colors_info=&#8221;{}&#8221;][\/et_pb_button][et_pb_social_media_follow _builder_version=&#8221;4.17.4&#8243; _module_preset=&#8221;default&#8221; width=&#8221;100%&#8221; max_width=&#8221;100%&#8221; global_colors_info=&#8221;{}&#8221;][et_pb_social_media_follow_network social_network=&#8221;twitter&#8221; url=&#8221;https:\/\/twitter.com\/JeanMonnetUmh&#8221; use_icon_font_size=&#8221;on&#8221; icon_font_size=&#8221;27px&#8221; _builder_version=&#8221;4.17.4&#8243; _module_preset=&#8221;default&#8221; background_color=&#8221;#000000&#8243; background_enable_color=&#8221;on&#8221; custom_button=&#8221;on&#8221; button_text_size=&#8221;35px&#8221; border_radii=&#8221;on|9px|9px|9px|9px&#8221; border_width_all=&#8221;3px&#8221; border_color_all=&#8221;#000000&#8243; global_colors_info=&#8221;{}&#8221; follow_button=&#8221;off&#8221; url_new_window=&#8221;on&#8221;]twitter[\/et_pb_social_media_follow_network][et_pb_social_media_follow_network social_network=&#8221;instagram&#8221; url=&#8221;https:\/\/www.instagram.com\/jeanmonnetumh\/&#8221; use_icon_font_size=&#8221;on&#8221; icon_font_size=&#8221;27px&#8221; _builder_version=&#8221;4.17.4&#8243; _module_preset=&#8221;default&#8221; background_color=&#8221;#ea2c59&#8243; custom_button=&#8221;on&#8221; button_text_size=&#8221;35px&#8221; border_radii=&#8221;on|9px|9px|9px|9px&#8221; border_width_all=&#8221;3px&#8221; border_color_all=&#8221;#000000&#8243; global_colors_info=&#8221;{}&#8221; follow_button=&#8221;off&#8221; url_new_window=&#8221;on&#8221;]instagram[\/et_pb_social_media_follow_network][\/et_pb_social_media_follow][\/et_pb_column][\/et_pb_row][et_pb_row _builder_version=&#8221;4.17.4&#8243; _module_preset=&#8221;default&#8221; global_colors_info=&#8221;{}&#8221;][et_pb_column type=&#8221;4_4&#8243; _builder_version=&#8221;4.17.4&#8243; _module_preset=&#8221;default&#8221; global_colors_info=&#8221;{}&#8221;][et_pb_text _builder_version=&#8221;4.17.4&#8243; _module_preset=&#8221;default&#8221; header_2_font=&#8221;|600|||||||&#8221; header_2_text_color=&#8221;#000000&#8243; header_2_font_size=&#8221;35px&#8221; global_colors_info=&#8221;{}&#8221;]<\/p>\n<h2>OTHER ACTIONS 2025\/2026<\/h2>\n<p>[\/et_pb_text][\/et_pb_column][\/et_pb_row][et_pb_row disabled_on=&#8221;off|off|off&#8221; _builder_version=&#8221;4.17.4&#8243; _module_preset=&#8221;default&#8221; global_colors_info=&#8221;{}&#8221;][et_pb_column type=&#8221;4_4&#8243; _builder_version=&#8221;4.17.4&#8243; _module_preset=&#8221;default&#8221; global_colors_info=&#8221;{}&#8221;][et_pb_toggle title=&#8221;XIII UMH COURSE ON SECURITY AND DEFENSE: SPAIN\u2019S ROLE IN THE DEFENSE OF EUROPE&#8221; open_toggle_text_color=&#8221;#0C71C3&#8243; open_toggle_background_color=&#8221;#FFFFFF&#8221; closed_toggle_background_color=&#8221;#0061f0&#8243; icon_color=&#8221;#FFFFFF&#8221; module_id=&#8221;SEGURIDADYDEFENSA&#8221; module_class=&#8221;SEGURIDADYDEFENSA&#8221; _builder_version=&#8221;4.17.4&#8243; _module_preset=&#8221;default&#8221; title_text_color=&#8221;#FFFFFF&#8221; title_font=&#8221;|600|||||||&#8221; title_font_size=&#8221;20px&#8221; body_font_size=&#8221;18px&#8221; custom_margin=&#8221;-30px||||false|false&#8221; border_width_bottom=&#8221;3px&#8221; border_color_bottom=&#8221;#FFFFFF&#8221; locked=&#8221;off&#8221; global_colors_info=&#8221;{}&#8221;]<\/p>\n<p style=\"text-align: justify\">The Department of Public International Law and International Relations at Miguel Hern\u00e1ndez University organised, with funding from the General Secretariat for Defense Policy of the Ministry of Defense (Order of 18 July 2025), the <strong><em>XIII Course on Security and Defense: Spain&#8217;s role in the defense of Europe.<\/em><\/strong><\/p>\n<p style=\"text-align: justify\"><img loading=\"lazy\" src=\"https:\/\/catedrajeanmonnet.umh.es\/files\/2025\/10\/Cartel-XIII-Curso-seguridad-y-defensa-UMH-2025-724x1024.jpg\" width=\"487\" height=\"689\" alt=\"\" class=\"wp-image-6838 alignleft size-large\" \/>The activity, <strong>coordinated<\/strong> by Prof. Dr Elena Crespo Navarro, UMH <em>Jean Monnet <\/em>Chair ReinforcEU holder, took place on <strong>October 13 and 14, 2025<\/strong>, in <strong>classroom 0.7 of the Altabix Building<\/strong> (Elche Campus).<\/p>\n<p style=\"text-align: justify\">The course consisted of two round tables. The FIRST ROUND TABLE titled <strong><em>Facing security challenges and threats in the current strategic context. Strengthening European Defense<\/em> <\/strong>was held on Monday, October 13 and featured Prof. <em>Dr. Carlos Jim\u00e9nez Piernas<\/em>, Full Professor of Public International Law and International Relations at the University of Alcal\u00e1, and Mr. <em>Javier Irazoqui Gonz\u00e1lez<\/em>, diplomat and analyst in the Geopolitics Department of DICOES at the Ministry of Defense. The round table was moderated by <em>Prof. Dr. Elena Crespo Navarro<\/em>, Associate Professor of Public International Law and International Relations at Miguel Hern\u00e1ndez University.<\/p>\n<p style=\"text-align: justify\">The SECOND ROUND TABLE took place on Tuesday, October 14, under the title <strong><em>Spain&#8217;s role in European Union military operations<\/em>.<\/strong> The panellists included Colonel <em>Fernando Bueno Caballero<\/em>, Air and Space Force, analyst in the Geopolitics Department of DICOES at the Ministry of Defense, and Captain Navy <em>Rafael Torrecillas del Prado<\/em>, Naval Commander of Alicante. The round table was moderated by Prof. Dr. Jaume Ferrer Lloret, Full Professor of Public International Law and International Relations at the University of Alicante.<\/p>\n<p style=\"text-align: justify\">The main <strong>goal of <\/strong>the activity was to promote, among civil society, (particularly within the university community), knowledge, debate and reflection on the work of the Spanish Armed Forces and their vital importance in guaranteeing the defense of our country within an international context of peace and security. It also aimed to encourage reflection on the various challenges and threats to security in the current strategic context, the tools available to address them, as well as on the need to enhance shared security by strengthening cooperation and alliances. Additionally, the course sought to raise awareness of the work carried out by Spanish military operations abroad, highlighting their importance in conflict prevention, peacekeeping and peace restoration, and post-conflict stabilization; to improve public understanding of the objectives, functioning and on-the-ground activities of international missions; and to contribute to building a culture of defense by fostering dialogue between representatives of the civil and military administrations and society at large.<\/p>\n<p style=\"text-align: justify\">The activity <strong>was aimed <\/strong>at university students, especially those enrolled in the Degree in Law (full-time and part-time), Double Degree in Law and Business Administration (DADE), Degree in Political Science and Public Management and Degree in Journalism, but also open to students from other degrees less commonly exposed to these topics, such as Psychology, Physical Education and Sports Sciences, Medicine, Engineering, and students over 55 years of age from the University&#8217;s \u2018Sabiex\u2019 Programme, as well as to faculty members and the general public.<\/p>\n<p style=\"text-align: justify\">A <strong>certificate of attendance<\/strong> was issued to those who attended both round tables and requested it.<\/p>\n<p style=\"text-align: justify\"><strong>WATCH VIDEO PRESENTATION:<\/strong><\/p>\n<div style=\"width: 1080px;\" class=\"wp-video\"><!--[if lt IE 9]><script>document.createElement('video');<\/script><![endif]-->\n<video class=\"wp-video-shortcode\" id=\"video-6793-1\" width=\"1080\" height=\"608\" preload=\"metadata\" controls=\"controls\"><source type=\"video\/mp4\" src=\"https:\/\/catedrajeanmonnet.umh.es\/files\/2025\/10\/XIII-CURSO-SYD-VIDEO-FINAL.mp4?_=1\" \/><a href=\"https:\/\/catedrajeanmonnet.umh.es\/files\/2025\/10\/XIII-CURSO-SYD-VIDEO-FINAL.mp4\">https:\/\/catedrajeanmonnet.umh.es\/files\/2025\/10\/XIII-CURSO-SYD-VIDEO-FINAL.mp4<\/a><\/video><\/div>\n<p>&nbsp;<\/p>\n<p><strong>BROCHURE: <\/strong><a href=\"https:\/\/catedrajeanmonnet.umh.es\/files\/2025\/10\/Diptico-XIII-Curso-Seguridad-y-Defensa-UMH-DEF-2.pdf\"><strong>Brochure XIII UMH Security and Defence Course 2025<\/strong><\/a><\/p>\n<p><strong>X and Instagram<\/strong>: @JeanMonnetUMH<\/p>\n<p style=\"text-align: justify\"><strong>MORE INFORMATION AT: <\/strong><a href=\"https:\/\/derechointernacionalpublico.umh.es\/cursos-sobre-seguridad-y-defensa\/xiii-curso-sobre-seguridad-y-defensa-el-papel-de-espana-en-la-defensa-de-europa-13-y-14-de-octubre-2025\/\"><strong>Website Public International Law and International Relations Area\/Defense Courses<\/strong><\/a><\/p>\n<p style=\"text-align: justify\"><span style=\"color: #0000ff\"><strong>\u00a0<\/strong><\/span><\/p>\n<p>&nbsp;<\/p>\n<p>[\/et_pb_toggle][et_pb_toggle title=&#8221;XV UA COURSE ON SECURITY AND DEFENSE: THE PARTICIPATION OF THE SPANISH ARMED FORCES IN INTERNATIONAL MISSIONS&#8221; open_toggle_text_color=&#8221;#0C71C3&#8243; open_toggle_background_color=&#8221;#FFFFFF&#8221; closed_toggle_background_color=&#8221;#0061f0&#8243; icon_color=&#8221;#FFFFFF&#8221; module_id=&#8221;SEGURIDADYDEFENSA&#8221; module_class=&#8221;SEGURIDADYDEFENSA&#8221; _builder_version=&#8221;4.17.4&#8243; _module_preset=&#8221;default&#8221; title_text_color=&#8221;#FFFFFF&#8221; title_font=&#8221;|600|||||||&#8221; title_font_size=&#8221;20px&#8221; body_font_size=&#8221;18px&#8221; custom_margin=&#8221;-30px||||false|false&#8221; border_width_bottom=&#8221;3px&#8221; border_color_bottom=&#8221;#FFFFFF&#8221; locked=&#8221;off&#8221; global_colors_info=&#8221;{}&#8221;]<\/p>\n<p style=\"text-align: justify\">Professor Elena Crespo Navarro, Jean Monnet Chair \u2018<em>Strengthening the European Union by reinforcing its values (ReinforcEU)<\/em>\u2019 holder at Miguel Hern\u00e1ndez University, participated on October 14, 2025, as moderator of the round table titled \u2018Spain&#8217;s defense policy in international missions\u2019 within the framework of the <strong><em>XV Course on Security and Defense: The Participation of the Spanish Armed Forces in International Missions<\/em><\/strong>, organised by the University Centre for European Studies at the University of Alicante, with funding from the General Secretariat for Defense Policy of the Ministry of Defense and took place on October 14 and 15, 2025, at the Faculty of Law of that University.<\/p>\n<p>See the <a href=\"https:\/\/catedrajeanmonnet.umh.es\/files\/2025\/10\/Folleto-SEGURIDAD-2025DEF.pdf\">PROGRAMME XV COURSE ON SECURITY AND DEFENCE UA<\/a><\/p>\n<p>&nbsp;<\/p>\n<p>[\/et_pb_toggle][et_pb_toggle title=&#8221;PARTICIPATION IN GLOBAL UMH RADIO OCTOBER 6, 2025&#8243; open_toggle_text_color=&#8221;#0C71C3&#8243; open_toggle_background_color=&#8221;#FFFFFF&#8221; closed_toggle_background_color=&#8221;#0061f0&#8243; icon_color=&#8221;#FFFFFF&#8221; module_id=&#8221;SEGURIDADYDEFENSA&#8221; module_class=&#8221;SEGURIDADYDEFENSA&#8221; _builder_version=&#8221;4.17.4&#8243; _module_preset=&#8221;default&#8221; title_text_color=&#8221;#FFFFFF&#8221; title_font=&#8221;|600|||||||&#8221; title_font_size=&#8221;20px&#8221; body_font_size=&#8221;19px&#8221; custom_margin=&#8221;-30px||||false|false&#8221; border_width_bottom=&#8221;3px&#8221; border_color_bottom=&#8221;#FFFFFF&#8221; locked=&#8221;off&#8221; global_colors_info=&#8221;{}&#8221;]<\/p>\n<p><img loading=\"lazy\" src=\"https:\/\/catedrajeanmonnet.umh.es\/files\/2025\/10\/RRSS-15-300x300.png\" width=\"317\" height=\"317\" alt=\"\" class=\"wp-image-6716 alignleft size-medium\" \/><\/p>\n<p style=\"text-align: justify\">UMH Professors <strong>Elena Crespo Navarro <\/strong>and <strong>Roc\u00edo M. Pozo Tom\u00e1s<\/strong>, <em>Jean Monnet<\/em> <em>ReinforcEU<\/em> Chair team members, participated on <strong>October 6, 2025<\/strong>, in the <strong>Global UMH Radio<\/strong> programme, hosted and co-directed by Pablo Aliaga and Pedro S\u00e1ez (technical control).<\/p>\n<p style=\"text-align: justify\">During the programme, we discussed the UMH <em>Jean Monnet <\/em>Chair<em> (ReinforcEU) <\/em>and the various activities carried out within its framework, as well as the importance and implications of our country\u2019s membership in the European Union (EU). We also analysed some of the challenges faced by the EU and the opportunities it offers to its citizens, especially to young people.<\/p>\n<p>&nbsp;<\/p>\n<p>&nbsp;<\/p>\n<p><strong>The program is available on <\/strong><a href=\"https:\/\/open.spotify.com\/episode\/06xvfVaobBfzexQL6wXDm4?si=390e87f0445645a4\"><strong>SPOTIFY<\/strong><\/a><\/p>\n<p><strong><\/strong><\/p>\n<p style=\"text-align: justify\"><img loading=\"lazy\" src=\"https:\/\/catedrajeanmonnet.umh.es\/files\/2025\/10\/79-1024x1024.png\" width=\"675\" height=\"675\" alt=\"\" class=\"wp-image-6725 aligncenter size-large\" \/><\/p>\n<p>&nbsp;<\/p>\n<p>[\/et_pb_toggle][et_pb_toggle title=&#8221;INTERNATIONAL SEMINAR ON RELATIONS BETWEEN LATIN AMERICA AND THE EUROPEAN UNION IN LIGHT OF THE MERCOSUR AGREEMENT &#8221; open_toggle_text_color=&#8221;#0C71C3&#8243; open_toggle_background_color=&#8221;#FFFFFF&#8221; closed_toggle_background_color=&#8221;#0061f0&#8243; icon_color=&#8221;#FFFFFF&#8221; module_id=&#8221;SEGURIDADYDEFENSA&#8221; module_class=&#8221;SEGURIDADYDEFENSA&#8221; _builder_version=&#8221;4.17.4&#8243; _module_preset=&#8221;default&#8221; title_text_color=&#8221;#FFFFFF&#8221; title_font=&#8221;|600|||||||&#8221; title_font_size=&#8221;20px&#8221; body_font_size=&#8221;19px&#8221; custom_margin=&#8221;-30px||||false|false&#8221; border_width_bottom=&#8221;3px&#8221; border_color_bottom=&#8221;#FFFFFF&#8221; locked=&#8221;off&#8221; global_colors_info=&#8221;{}&#8221;]<\/p>\n<p style=\"text-align: justify\">UMH Professor <strong>Elena Crespo Navarro<\/strong> and Professor <strong>Francisco Pascual Vives<\/strong>, from the University of Alcal\u00e1 and Director of IELAT, both members of the <em>Jean Monnet<\/em> <em>ReinforcEU<\/em> Chair team, participated on October 22, 2025, in the international seminar \u201cRelations between Latin America and the European Union in light of the MERCOSUR Agreement\u201d.<\/p>\n<p style=\"text-align: justify\">The activity was organised within the framework of the I+D+i project PID2023-149020NB-I00, funded by MICIU\/AEI \/10.13039\/501100011033 and by FEDER, EU.<\/p>\n<p style=\"text-align: justify\"><img loading=\"lazy\" src=\"https:\/\/catedrajeanmonnet.umh.es\/files\/2025\/10\/INVESPSUBTEXTO1-300x133.png\" width=\"300\" height=\"133\" alt=\"\" class=\"wp-image-6916 alignleft size-medium\" \/><\/p>\n<p>&nbsp;<\/p>\n<p>&nbsp;<\/p>\n<p>&nbsp;<\/p>\n<p>&nbsp;<\/p>\n<p>LINK TO THE <a href=\"https:\/\/catedrajeanmonnet.umh.es\/files\/2025\/10\/PROGRAMA-SEMINARIO-MERCOSUR-22-octubre-2025.pdf\">SEMINAR PROGRAMME &#8211; MERCOSUR 22 October 2025<\/a><a href=\"https:\/\/open.spotify.com\/episode\/06xvfVaobBfzexQL6wXDm4?si=390e87f0445645a4\"><strong><\/strong><\/a><\/p>\n<p>\u00a0<img loading=\"lazy\" src=\"https:\/\/catedrajeanmonnet.umh.es\/files\/2025\/12\/WhatsApp-Image-2025-12-01-at-15.03.54-1024x660.jpeg\" width=\"626\" height=\"403\" alt=\"\" class=\"wp-image-7057 aligncenter size-large\" \/><\/p>\n<p>[\/et_pb_toggle][et_pb_toggle title=&#8221;HUMAN RIGHTS TRAINING COURSE OEI&#8221; open_toggle_text_color=&#8221;#0C71C3&#8243; open_toggle_background_color=&#8221;#FFFFFF&#8221; closed_toggle_background_color=&#8221;#0061f0&#8243; icon_color=&#8221;#FFFFFF&#8221; module_id=&#8221;SEGURIDADYDEFENSA&#8221; module_class=&#8221;SEGURIDADYDEFENSA&#8221; _builder_version=&#8221;4.17.4&#8243; _module_preset=&#8221;default&#8221; title_text_color=&#8221;#FFFFFF&#8221; title_font=&#8221;|600|||||||&#8221; title_font_size=&#8221;20px&#8221; body_font_size=&#8221;19px&#8221; custom_margin=&#8221;-30px||||false|false&#8221; border_width_bottom=&#8221;3px&#8221; border_color_bottom=&#8221;#FFFFFF&#8221; locked=&#8221;off&#8221; global_colors_info=&#8221;{}&#8221;]<\/p>\n<p style=\"text-align: justify\"><img loading=\"lazy\" src=\"https:\/\/catedrajeanmonnet.umh.es\/files\/2025\/10\/RRSS-1024x1024.jpg\" width=\"461\" height=\"461\" alt=\"\" class=\"wp-image-6965 alignleft size-large\" \/>Professors from the Department of Public International Law and International Relations, and members of <em>the Jean Monnet Chair ReinforcEU<\/em>, Elena Crespo Navarro, Adela Rodr\u00edguez Ma\u00f1ogil and Roc\u00edo M. Pozo Tom\u00e1s, participated in the <strong>Introductory Human Rights Training Course<\/strong><em>, <\/em>organised by the Ibero-American Institute for Training and Learning of the Organisation of Ibero-American States (OEI), with the module entitled<em> <strong>The Right to Equal Treatment and Non-Discrimination<\/strong>.<\/em><\/p>\n<p style=\"text-align: justify\">The module was delivered <em>online<\/em> throughout September and October 2025.<\/p>\n<p style=\"text-align: justify\">More information: <a href=\"https:\/\/oei.int\/cursos\/curso-de-formacion-en-derechos-humanos\/\">https:\/\/oei.int\/cursos\/curso-de-formacion-en-derechos-humanos\/<\/a><\/p>\n<p>[\/et_pb_toggle][et_pb_toggle title=&#8221;VISIT TO THE UNIVERSITY OF FLORENCE AS PART OF THE PRODIC 2025 PREPARATORY VISITS PROGRAMME (UMH Vice-Rectorate for Internationalisation and Cooperation)&#8221; open_toggle_text_color=&#8221;#0C71C3&#8243; open_toggle_background_color=&#8221;#FFFFFF&#8221; closed_toggle_background_color=&#8221;#0061f0&#8243; icon_color=&#8221;#FFFFFF&#8221; module_id=&#8221;SEGURIDADYDEFENSA&#8221; module_class=&#8221;SEGURIDADYDEFENSA&#8221; _builder_version=&#8221;4.17.4&#8243; _module_preset=&#8221;default&#8221; title_text_color=&#8221;#FFFFFF&#8221; title_font=&#8221;|600|||||||&#8221; title_font_size=&#8221;20px&#8221; body_font_size=&#8221;19px&#8221; custom_margin=&#8221;-30px||||false|false&#8221; border_width_bottom=&#8221;3px&#8221; border_color_bottom=&#8221;#FFFFFF&#8221; locked=&#8221;off&#8221; global_colors_info=&#8221;{}&#8221;]<\/p>\n<p style=\"text-align: justify\"><img loading=\"lazy\" src=\"https:\/\/catedrajeanmonnet.umh.es\/files\/2025\/12\/2-1024x1024.jpg\" width=\"416\" height=\"416\" alt=\"\" class=\"wp-image-7112 alignleft size-large\" \/><\/p>\n<p style=\"text-align: justify\"><b>Prof. Elena Crespo Navarro<\/b> visited the Universit\u00e0 degli Studi di Firenze in December 2025 as part of the preparatory visit grant under the PRODIC-UMH-2025 Programme (Vice-Rectorate for Internationalisation and Cooperation, UMH).<\/p>\n<p style=\"text-align: justify\">During her stay, Prof. Crespo Navarro met with <strong>Prof. Monica Parodi<\/strong> (Associate Professor of European Union Law at the Department of Legal Sciences, University of Florence) and <b>Prof. Simone Vezzani <\/b>(Associate Professor of European Union Law at the Department of Law, University of Perugia), both participants in the PRODIC UMH-2025 project: &#8220;Inter-university practical seminar: Debates on Artificial Intelligence at the UN General Assembly and the European Parliament&#8221;.<\/p>\n<p style=\"text-align: justify\">The visit enabled the teaching staff to exchange views on the results of the activities already carried out, to coordinate the content and methodological tools to be used in the second phase of the project\u2014which will take place during the second semester of the 2025\u201326 academic year\u2014and to explore new proposals for activities aimed at strengthening and intensifying collaboration between the respective universities and teaching teams in the future.<\/p>\n<p style=\"text-align: justify\"><span><\/span><\/p>\n<p style=\"text-align: justify\"><span><\/span><\/p>\n\n\t\t<style type=\"text\/css\">\n\t\t\t#gallery-1 {\n\t\t\t\tmargin: auto;\n\t\t\t}\n\t\t\t#gallery-1 .gallery-item {\n\t\t\t\tfloat: left;\n\t\t\t\tmargin-top: 10px;\n\t\t\t\ttext-align: center;\n\t\t\t\twidth: 50%;\n\t\t\t}\n\t\t\t#gallery-1 img {\n\t\t\t\tborder: 2px solid #cfcfcf;\n\t\t\t}\n\t\t\t#gallery-1 .gallery-caption {\n\t\t\t\tmargin-left: 0;\n\t\t\t}\n\t\t\t\/* see gallery_shortcode() in wp-includes\/media.php *\/\n\t\t<\/style>\n\t\t<div id='gallery-1' class='gallery galleryid-6793 gallery-columns-2 gallery-size-large'><dl class='gallery-item'>\n\t\t\t<dt class='gallery-icon landscape'>\n\t\t\t\t<a href='https:\/\/catedrajeanmonnet.umh.es\/en\/3-7-2\/'><img width=\"1024\" height=\"1024\" src=\"https:\/\/catedrajeanmonnet.umh.es\/files\/2025\/12\/3-1024x1024.jpg\" class=\"attachment-large size-large\" alt=\"\" loading=\"lazy\" srcset=\"https:\/\/catedrajeanmonnet.umh.es\/files\/2025\/12\/3-1024x1024.jpg 1024w, https:\/\/catedrajeanmonnet.umh.es\/files\/2025\/12\/3-980x980.jpg 980w, https:\/\/catedrajeanmonnet.umh.es\/files\/2025\/12\/3-480x480.jpg 480w\" sizes=\"(min-width: 0px) and (max-width: 480px) 480px, (min-width: 481px) and (max-width: 980px) 980px, (min-width: 981px) 1024px, 100vw\" \/><\/a>\n\t\t\t<\/dt><\/dl><dl class='gallery-item'>\n\t\t\t<dt class='gallery-icon landscape'>\n\t\t\t\t<a href='https:\/\/catedrajeanmonnet.umh.es\/en\/4-4-2\/'><img width=\"1024\" height=\"1024\" src=\"https:\/\/catedrajeanmonnet.umh.es\/files\/2025\/12\/4-1024x1024.jpg\" class=\"attachment-large size-large\" alt=\"\" loading=\"lazy\" srcset=\"https:\/\/catedrajeanmonnet.umh.es\/files\/2025\/12\/4-1024x1024.jpg 1024w, https:\/\/catedrajeanmonnet.umh.es\/files\/2025\/12\/4-980x980.jpg 980w, https:\/\/catedrajeanmonnet.umh.es\/files\/2025\/12\/4-480x480.jpg 480w\" sizes=\"(min-width: 0px) and (max-width: 480px) 480px, (min-width: 481px) and (max-width: 980px) 980px, (min-width: 981px) 1024px, 100vw\" \/><\/a>\n\t\t\t<\/dt><\/dl><br style=\"clear: both\" \/>\n\t\t<\/div>\n\n<p>[\/et_pb_toggle][et_pb_toggle title=&#8221;PARTICIPATION IN %22FRECUENCIA LEGAL%22 (UMH RADIO), DECEMBER 17, 2025&#8243; open_toggle_text_color=&#8221;#0C71C3&#8243; open_toggle_background_color=&#8221;#FFFFFF&#8221; closed_toggle_background_color=&#8221;#0061f0&#8243; icon_color=&#8221;#FFFFFF&#8221; module_id=&#8221;SEGURIDADYDEFENSA&#8221; module_class=&#8221;SEGURIDADYDEFENSA&#8221; _builder_version=&#8221;4.17.4&#8243; _module_preset=&#8221;default&#8221; title_text_color=&#8221;#FFFFFF&#8221; title_font=&#8221;|600|||||||&#8221; title_font_size=&#8221;20px&#8221; body_font_size=&#8221;19px&#8221; custom_margin=&#8221;-30px||||false|false&#8221; border_width_bottom=&#8221;3px&#8221; border_color_bottom=&#8221;#FFFFFF&#8221; locked=&#8221;off&#8221; global_colors_info=&#8221;{}&#8221;]<\/p>\n<h5 style=\"text-align: justify\"><b>APPEARANCE ON RADIO UMH \u2013 FRECUENCIA LEGAL 17 December 2025<\/b><\/h5>\n<p style=\"text-align: justify\">UMH Professors <strong>Elena Crespo Navarro<\/strong> and <strong>Roc\u00edo M. Pozo Tom\u00e1s<\/strong>, members of the team at the Jean Monnet Chair ReinforcEU, took part on<strong> 17 December 2025<\/strong> in the Radio UMH programme <i>Fecuencia Legal,<\/i> alongside its director and presenters: lecturers Jos\u00e9 Carlos Espigares Huete, Carmen Ortiz del Valle and Carlos Soler Samper.<\/p>\n<p style=\"text-align: justify\">Professor Roc\u00edo M. Pozo Tom\u00e1s took part in the \u2018Legal Clinic\u2019 section, which explains legal terms featured in Street Law (an initiative of the UMH Legal Clinic Chair that compiles and explains various legal concepts in a simple and colloquial manner). The term chosen was \u2018international treaty\u2019.<\/p>\n<p style=\"text-align: justify\">Meanwhile, Professor Elena Crespo Navarro took part in the \u2018Legal Discussion\u2019 section, where she spoke with Julio Frutos Rodr\u00edguez, a member of the Senior Corps of Civil Servants who, since May 2023, has been posted to the Sub-Directorate-General for Legal Affairs (Directorate-General for the Internal Market of the European Union). The discussion covered such interesting topics as the functions of the Ministry of Foreign Affairs, the EU\u2019s position on the current international stage and the role of the Senior Corps of Civil Servants.<\/p>\n<p style=\"text-align: justify\"><a href=\"https:\/\/radio.umh.es\/2025\/12\/17\/el-ministerio-de-asuntos-exteriores-y-la-figura-del-cuerpo-superior-de-administradores-civiles-del-estado-con-julio-frutos-rodriguez-y-la-sentencia-del-tribunal-supremo-sobre-el-uso-de-la-palabra-do\/\">LINK TO THE UMH NEWS ITEM<\/a><\/p>\n<p><b><strong>LISTEN TO THE PODCAST<\/strong><\/b><\/p>\n<!--[if lt IE 9]><script>document.createElement('audio');<\/script><![endif]-->\n<audio class=\"wp-audio-shortcode\" id=\"audio-6793-1\" preload=\"none\" style=\"width: 100%;\" controls=\"controls\"><source type=\"audio\/mpeg\" src=\"https:\/\/catedrajeanmonnet.umh.es\/files\/2025\/12\/Podcast-FRECUENCIA-LEGAL.mp3?_=1\" \/><a href=\"https:\/\/catedrajeanmonnet.umh.es\/files\/2025\/12\/Podcast-FRECUENCIA-LEGAL.mp3\">https:\/\/catedrajeanmonnet.umh.es\/files\/2025\/12\/Podcast-FRECUENCIA-LEGAL.mp3<\/a><\/audio>\n<p>[\/et_pb_toggle][et_pb_toggle title=&#8221;INTERNATIONAL CONFERENCE: WHAT DO YOU KNOW ABOUT THE VALUES OF THE EUROPEAN UNION?&#8221; open_toggle_text_color=&#8221;#0C71C3&#8243; open_toggle_background_color=&#8221;#FFFFFF&#8221; closed_toggle_background_color=&#8221;#0061f0&#8243; icon_color=&#8221;#FFFFFF&#8221; module_id=&#8221;SEGURIDADYDEFENSA&#8221; module_class=&#8221;SEGURIDADYDEFENSA&#8221; _builder_version=&#8221;4.17.4&#8243; _module_preset=&#8221;default&#8221; title_text_color=&#8221;#FFFFFF&#8221; title_font=&#8221;|600|||||||&#8221; title_font_size=&#8221;20px&#8221; body_font_size=&#8221;19px&#8221; custom_margin=&#8221;-30px||||false|false&#8221; hover_enabled=&#8221;0&#8243; border_width_bottom=&#8221;3px&#8221; border_color_bottom=&#8221;#FFFFFF&#8221; locked=&#8221;off&#8221; global_colors_info=&#8221;{}&#8221; sticky_enabled=&#8221;0&#8243;]<\/p>\n<p style=\"text-align: justify\">The Vice-Rectorate for International Relations and Cooperation of Miguel Hern\u00e1ndez University and the UMH <em>Jean Monnet<\/em> Chair <em>ReinforcEU<\/em> are organising the International Conference \u201c<strong>What do you know about the values of the European Union?<\/strong>\u201d<\/p>\n<p style=\"text-align: justify\">The Conference, coordinated by Professor Elena Crespo Navarro, Associate Professor of Public International Law and International Relations at Miguel Hern\u00e1ndez University will take place in the Arenals Building on the Elche Campus on Wednesday, 25 March (Degree Hall) and Thursday, 26 March (Room 0.2).<\/p>\n<p style=\"text-align: justify\"><em><img loading=\"lazy\" src=\"https:\/\/catedrajeanmonnet.umh.es\/files\/2026\/02\/CARTEL-CURSOS-VALORES-EU-4-819x1024.png\" width=\"519\" height=\"649\" alt=\"\" class=\"wp-image-7249 alignleft size-large\" \/><\/em><\/p>\n<p style=\"text-align: justify\"><b>TARGET AUDIENCE: <\/b>The event was open to the entire university community, including undergraduate, master\u2019s and PHD students; students enrolled in the AUNEX UMH Programme; Erasmus students; technical, administrative and support staff (PTGAS); teaching and research staff (PDI); and research staff (PI).<\/p>\n<p style=\"text-align: justify\"><b>OBJECTIVE:\u00a0<\/b>The main objective of this event is to provide the university community with foundational knowledge and key elements for reflection on the European Union values: respect for human dignity, freedom, democracy, equality, the rule of law, and respect for human rights. These are values that we are able to enjoy within the European Union. However, in the wider international context, they are not the general rule but rather the exception. Even within the European Union itself, these values are currently facing numerous threats, and there are significant risks associated with their erosion and weakening. It is therefore essential to preserve, protect and strengthen them. To this end, the active involvement of citizens is crucial, especially that of younger generations, who must have access to adequate information and training at a time when disinformation is becoming increasingly widespread.<\/p>\n<p style=\"text-align: justify\">In addition, the event aims to facilitate intergenerational dialogue and exchange among students from vaious disciplines and different European universities, as well as other members of the university community. The event aims to create a space in which participants can critically analyse, reflect on and debate current issues related to the values of the European Union based on knowledge, tolerance and mutual respect, exchanging different points of view and developing the ability to reach understanding and consensus through dialogue.<\/p>\n<p style=\"text-align: justify\"><strong>STRUCTURE: The event consists of two parts:<\/strong><\/p>\n<ul style=\"text-align: justify\">\n<li>A <u>training seminar<\/u> in the format of panel discussions, designed to provide the most relevant information and establish the foundations for the subsequent debate. Panelists will play a guiding role by explaining the most important aspects of the main topics. Each panel will be followed by a question-and-answer session\u00a0and a brief discussion.<\/li>\n<\/ul>\n<ul>\n<li style=\"text-align: justify\"><u>A practical, participatory workshop,<\/u> in which the leading role is transferred directly and fully to the participants, as it is based on their active involvement. The purpose of the workshop is to consolidate, from a highly practical and dynamic perspective, the knowledge acquired during the panel discussions. Using innovative teaching resources (gamification tools such as <em>Kahoot!<\/em> and Escape Room activities), participants will review and apply the knowledge acquired while questions and concerns will also be addressed. This will be followed by a debate on two topics selected in advance by the participants, during which students will be expectted to reach a final consensus position.<\/li>\n<\/ul>\n<p style=\"text-align: justify\"><strong>FACULTY:<\/strong><\/p>\n<p style=\"text-align: justify\">&#8211; Profa. Dra. <em>Elena Crespo Navarro<\/em>, Associate Professor of Public International Law and International Relations, Miguel Hern\u00e1ndez University (<u>Academic Coordinator<\/u>).<\/p>\n<p style=\"text-align: justify\">&#8211; Profa. Dra. <em>Laura Aragon\u00e9s Molina<\/em>, Assistant Professor of Public International Law and International Relations, University of Alcal\u00e1.<\/p>\n<p style=\"text-align: justify\">&#8211; Profa. <em>Alessandra Nasoni<\/em>, Substitute in Public International Law and International Relations, Miguel Hern\u00e1ndez University<i>.<\/i><\/p>\n<p style=\"text-align: justify\">&#8211; Profa. Dra. <em>Monica Parodi<\/em>, Associate Professor of European Union Law, Department of Legal Science, University of Florence.<\/p>\n<p style=\"text-align: justify\">&#8211; Prof. Dr. <em>Francisco Pascual Vives<\/em>, Full Professor of Public International Law and International Relations, University of Alcal\u00e1.<\/p>\n<p style=\"text-align: justify\">&#8211; Profa. <em>Roc\u00edo M. Pozo Tom\u00e1s<\/em>, Predoctoral Fellow in Public International Law and International Relations, Miguel Hern\u00e1ndez University<i>.<\/i><\/p>\n<p style=\"text-align: justify\">&#8211; Profa. <em>Adela Rodr\u00edguez Ma\u00f1ogil<\/em>, Assistant in Public International Law and International Relations, Miguel Hern\u00e1ndez University.<\/p>\n<p style=\"text-align: justify\"><strong>PROGRAMME:<\/strong><\/p>\n<p style=\"text-align: justify\"><strong>I.- <\/strong><b>Training seminar: Panel Discussions,<\/b> Wednesday, 25 March \u2013 Degree Hall, Arenals Building.<\/p>\n<p>4.30 p.m. &#8211; Opening of the conference<\/p>\n<p style=\"text-align: justify\">\u00a04:30 p.m. &#8211; Panel 1<\/p>\n<p style=\"text-align: justify\"><strong>Moderator:<\/strong> <em>Elena Crespo Navarro.<\/em> Associate Professor of Public International Law and International Relations, Miguel Hern\u00e1ndez University.<\/p>\n<p style=\"text-align: justify\"><strong>Panelists:<\/strong><\/p>\n<ul style=\"text-align: justify\">\n<li><em>Elena Crespo Navarro (<\/em>Miguel Hern\u00e1ndez Unniversity): \u201cThe European Union: A Union of Values\u201d<\/li>\n<\/ul>\n<ul style=\"text-align: justify\">\n<li><em>Francisco Pascual Vives<\/em>, Full Professor of Public International Law and International Relations, University of Alcal\u00e1: \u201cThe EU and Human Rights\u201d<\/li>\n<\/ul>\n<ul style=\"text-align: justify\">\n<li><em>Laura E. Aragon\u00e9s Molina<\/em>, Lecturer in Public International Law and International Relations, University of Alcal\u00e1:\u00a0 \u201cThe Values of Democracy and the Rule of Law\u201d<\/li>\n<\/ul>\n<ul style=\"text-align: justify\">\n<li><em>Monica Parodi<\/em>, Associate Professor of European Union Law, University of Florence: \u201cEU Instruments for Promoting Its Values in External Relations: An Overview\u201d<\/li>\n<\/ul>\n<ul style=\"text-align: justify\"><\/ul>\n<p style=\"text-align: justify\">Coffee Break (5:45 p.m.)<\/p>\n<p style=\"text-align: justify\">6 p.m. &#8211; Panel 2<\/p>\n<p style=\"text-align: justify\"><strong>Moderator:<\/strong> <em>Elena Crespo Navarro<\/em>. Associate Professor Profesora of Public International Law and International Relations, Miguel Hern\u00e1ndez University<\/p>\n<p style=\"text-align: justify\"><strong>Panelists: <\/strong><\/p>\n<ul style=\"text-align: justify\">\n<li><em>Roc\u00edo M. Pozo Tom\u00e1s<\/em>: Predoctoral Fellow in Public International Law and International Relations, Miguel Hern\u00e1ndez University: \u201cThe European Union\u2019s Action and Commitment to Equality Between Women and Men\u201d<\/li>\n<\/ul>\n<ul style=\"text-align: justify\">\n<li><em>Adela Rodr\u00edguez Ma\u00f1ogil<\/em>, Assistant in Public International Law and International Relations, Miguel Hern\u00e1ndez University: \u201cThe EU in the Face of Discrimination Based on Sexual Orientation and Gender Identity\u201d<\/li>\n<\/ul>\n<ul style=\"text-align: justify\">\n<li><em>Alessandra Nasoni:<\/em> Substitute in Public International Law and International Relations, Miguel Hern\u00e1ndez University: \u201cDisinformation, Artificial Intelligence and the Values of the European Union\u201d<\/li>\n<\/ul>\n<p><b>II. <strong>Participatory Practical Workshop<\/strong><\/b>, Thursday, 26 March \u2013 Room 0.2, Arenals Building<\/p>\n<p>10:00 a.m. &#8211; <u>Part One<\/u>: GAMIFICATION<\/p>\n<p><u>Coffee break<\/u> (11:15 a.m.)<\/p>\n<p>11:30 a.m. &#8211; <u>Part Two<\/u> (11:30 a.m.): DEBATE<\/p>\n<p style=\"text-align: justify\"><strong>READ THE NEWS ITEM<\/strong><\/p>\n<p style=\"text-align: center\"><strong>PHOTOGRAPHS FROM THE SESSIONS<\/strong><\/p>\n\n\t\t<style type=\"text\/css\">\n\t\t\t#gallery-2 {\n\t\t\t\tmargin: auto;\n\t\t\t}\n\t\t\t#gallery-2 .gallery-item {\n\t\t\t\tfloat: left;\n\t\t\t\tmargin-top: 10px;\n\t\t\t\ttext-align: center;\n\t\t\t\twidth: 50%;\n\t\t\t}\n\t\t\t#gallery-2 img {\n\t\t\t\tborder: 2px solid #cfcfcf;\n\t\t\t}\n\t\t\t#gallery-2 .gallery-caption {\n\t\t\t\tmargin-left: 0;\n\t\t\t}\n\t\t\t\/* see gallery_shortcode() in wp-includes\/media.php *\/\n\t\t<\/style>\n\t\t<div id='gallery-2' class='gallery galleryid-6793 gallery-columns-2 gallery-size-large'><dl class='gallery-item'>\n\t\t\t<dt class='gallery-icon landscape'>\n\t\t\t\t<a href='https:\/\/catedrajeanmonnet.umh.es\/en\/img_6427-2\/'><img width=\"1024\" height=\"768\" src=\"https:\/\/catedrajeanmonnet.umh.es\/files\/2026\/03\/IMG_6427-1024x768.jpg\" class=\"attachment-large size-large\" alt=\"\" loading=\"lazy\" aria-describedby=\"gallery-2-7336\" srcset=\"https:\/\/catedrajeanmonnet.umh.es\/files\/2026\/03\/IMG_6427-980x735.jpg 980w, https:\/\/catedrajeanmonnet.umh.es\/files\/2026\/03\/IMG_6427-480x360.jpg 480w\" sizes=\"(min-width: 0px) and (max-width: 480px) 480px, (min-width: 481px) and (max-width: 980px) 980px, (min-width: 981px) 1024px, 100vw\" \/><\/a>\n\t\t\t<\/dt>\n\t\t\t\t<dd class='wp-caption-text gallery-caption' id='gallery-2-7336'>\n\t\t\t\tSesi\u00f3n inaugural \n\t\t\t\t<\/dd><\/dl><dl class='gallery-item'>\n\t\t\t<dt class='gallery-icon landscape'>\n\t\t\t\t<a href='https:\/\/catedrajeanmonnet.umh.es\/en\/img_6447-1-2\/'><img width=\"1024\" height=\"768\" src=\"https:\/\/catedrajeanmonnet.umh.es\/files\/2026\/03\/IMG_6447-1-1024x768.jpg\" class=\"attachment-large size-large\" alt=\"\" loading=\"lazy\" aria-describedby=\"gallery-2-7324\" srcset=\"https:\/\/catedrajeanmonnet.umh.es\/files\/2026\/03\/IMG_6447-1-980x735.jpg 980w, https:\/\/catedrajeanmonnet.umh.es\/files\/2026\/03\/IMG_6447-1-480x360.jpg 480w\" sizes=\"(min-width: 0px) and (max-width: 480px) 480px, (min-width: 481px) and (max-width: 980px) 980px, (min-width: 981px) 1024px, 100vw\" \/><\/a>\n\t\t\t<\/dt>\n\t\t\t\t<dd class='wp-caption-text gallery-caption' id='gallery-2-7324'>\n\t\t\t\tSesi\u00f3n inaugural\n\t\t\t\t<\/dd><\/dl><br style=\"clear: both\" \/>\n\t\t<\/div>\n\n\n\t\t<style type=\"text\/css\">\n\t\t\t#gallery-3 {\n\t\t\t\tmargin: auto;\n\t\t\t}\n\t\t\t#gallery-3 .gallery-item {\n\t\t\t\tfloat: left;\n\t\t\t\tmargin-top: 10px;\n\t\t\t\ttext-align: center;\n\t\t\t\twidth: 50%;\n\t\t\t}\n\t\t\t#gallery-3 img {\n\t\t\t\tborder: 2px solid #cfcfcf;\n\t\t\t}\n\t\t\t#gallery-3 .gallery-caption {\n\t\t\t\tmargin-left: 0;\n\t\t\t}\n\t\t\t\/* see gallery_shortcode() in wp-includes\/media.php *\/\n\t\t<\/style>\n\t\t<div id='gallery-3' class='gallery galleryid-6793 gallery-columns-2 gallery-size-large'><dl class='gallery-item'>\n\t\t\t<dt class='gallery-icon landscape'>\n\t\t\t\t<a href='https:\/\/catedrajeanmonnet.umh.es\/en\/whatsapp-image-2026-03-26-at-17-03-06-3-2\/'><img width=\"1024\" height=\"768\" src=\"https:\/\/catedrajeanmonnet.umh.es\/files\/2026\/03\/WhatsApp-Image-2026-03-26-at-17.03.06-3-1024x768.jpeg\" class=\"attachment-large size-large\" alt=\"\" loading=\"lazy\" aria-describedby=\"gallery-3-7318\" srcset=\"https:\/\/catedrajeanmonnet.umh.es\/files\/2026\/03\/WhatsApp-Image-2026-03-26-at-17.03.06-3-980x735.jpeg 980w, https:\/\/catedrajeanmonnet.umh.es\/files\/2026\/03\/WhatsApp-Image-2026-03-26-at-17.03.06-3-480x360.jpeg 480w\" sizes=\"(min-width: 0px) and (max-width: 480px) 480px, (min-width: 481px) and (max-width: 980px) 980px, (min-width: 981px) 1024px, 100vw\" \/><\/a>\n\t\t\t<\/dt>\n\t\t\t\t<dd class='wp-caption-text gallery-caption' id='gallery-3-7318'>\n\t\t\t\tPrimera sesi\u00f3n mesa 1\n\t\t\t\t<\/dd><\/dl><dl class='gallery-item'>\n\t\t\t<dt class='gallery-icon landscape'>\n\t\t\t\t<a href='https:\/\/catedrajeanmonnet.umh.es\/en\/whatsapp-image-2026-03-26-at-19-32-44-2\/'><img width=\"1024\" height=\"761\" src=\"https:\/\/catedrajeanmonnet.umh.es\/files\/2026\/03\/WhatsApp-Image-2026-03-26-at-19.32.44-1024x761.jpeg\" class=\"attachment-large size-large\" alt=\"\" loading=\"lazy\" aria-describedby=\"gallery-3-7330\" srcset=\"https:\/\/catedrajeanmonnet.umh.es\/files\/2026\/03\/WhatsApp-Image-2026-03-26-at-19.32.44-1024x761.jpeg 1024w, https:\/\/catedrajeanmonnet.umh.es\/files\/2026\/03\/WhatsApp-Image-2026-03-26-at-19.32.44-980x729.jpeg 980w, https:\/\/catedrajeanmonnet.umh.es\/files\/2026\/03\/WhatsApp-Image-2026-03-26-at-19.32.44-480x357.jpeg 480w\" sizes=\"(min-width: 0px) and (max-width: 480px) 480px, (min-width: 481px) and (max-width: 980px) 980px, (min-width: 981px) 1024px, 100vw\" \/><\/a>\n\t\t\t<\/dt>\n\t\t\t\t<dd class='wp-caption-text gallery-caption' id='gallery-3-7330'>\n\t\t\t\tPrimera sesi\u00f3n mesa 2\n\t\t\t\t<\/dd><\/dl><br style=\"clear: both\" \/>\n\t\t<\/div>\n\n\n\t\t<style type=\"text\/css\">\n\t\t\t#gallery-4 {\n\t\t\t\tmargin: auto;\n\t\t\t}\n\t\t\t#gallery-4 .gallery-item {\n\t\t\t\tfloat: left;\n\t\t\t\tmargin-top: 10px;\n\t\t\t\ttext-align: center;\n\t\t\t\twidth: 50%;\n\t\t\t}\n\t\t\t#gallery-4 img {\n\t\t\t\tborder: 2px solid #cfcfcf;\n\t\t\t}\n\t\t\t#gallery-4 .gallery-caption {\n\t\t\t\tmargin-left: 0;\n\t\t\t}\n\t\t\t\/* see gallery_shortcode() in wp-includes\/media.php *\/\n\t\t<\/style>\n\t\t<div id='gallery-4' class='gallery galleryid-6793 gallery-columns-2 gallery-size-large'><dl class='gallery-item'>\n\t\t\t<dt class='gallery-icon landscape'>\n\t\t\t\t<a href='https:\/\/catedrajeanmonnet.umh.es\/en\/whatsapp-image-2026-03-26-at-17-03-07-1-2\/'><img width=\"1024\" height=\"768\" src=\"https:\/\/catedrajeanmonnet.umh.es\/files\/2026\/03\/WhatsApp-Image-2026-03-26-at-17.03.07-1-1024x768.jpeg\" class=\"attachment-large size-large\" alt=\"\" loading=\"lazy\" aria-describedby=\"gallery-4-7342\" srcset=\"https:\/\/catedrajeanmonnet.umh.es\/files\/2026\/03\/WhatsApp-Image-2026-03-26-at-17.03.07-1-980x735.jpeg 980w, https:\/\/catedrajeanmonnet.umh.es\/files\/2026\/03\/WhatsApp-Image-2026-03-26-at-17.03.07-1-480x360.jpeg 480w\" sizes=\"(min-width: 0px) and (max-width: 480px) 480px, (min-width: 481px) and (max-width: 980px) 980px, (min-width: 981px) 1024px, 100vw\" \/><\/a>\n\t\t\t<\/dt>\n\t\t\t\t<dd class='wp-caption-text gallery-caption' id='gallery-4-7342'>\n\t\t\t\tSegunda sesi\u00f3n: Taller\n\t\t\t\t<\/dd><\/dl>\n\t\t\t<br style='clear: both' \/>\n\t\t<\/div>\n\n<p style=\"text-align: center\"><strong><\/strong><\/p>\n<p style=\"text-align: center\"><strong><\/strong><\/p>\n<p style=\"text-align: center\"><strong>SHORT VIDEO OF THE SESSIONS<\/strong><\/p>\n<div style=\"width: 1080px;\" class=\"wp-video\"><video class=\"wp-video-shortcode\" id=\"video-6793-2\" width=\"1080\" height=\"608\" preload=\"metadata\" controls=\"controls\"><source type=\"video\/mp4\" src=\"https:\/\/catedrajeanmonnet.umh.es\/files\/2026\/03\/Copia-de-Video-vertical-valores-Video.mp4?_=2\" \/><a href=\"https:\/\/catedrajeanmonnet.umh.es\/files\/2026\/03\/Copia-de-Video-vertical-valores-Video.mp4\">https:\/\/catedrajeanmonnet.umh.es\/files\/2026\/03\/Copia-de-Video-vertical-valores-Video.mp4<\/a><\/video><\/div>\n<p>&nbsp;<\/p>\n<p>[\/et_pb_toggle][\/et_pb_column][\/et_pb_row][\/et_pb_section]<\/p>\n","protected":false},"excerpt":{"rendered":"<p>COLABORATIONSCOLABORACIONEStwitterinstagramOTHER ACTIONS 2025\/2026The Department of Public International Law and International Relations at Miguel Hern\u00e1ndez University organised, with funding from the General Secretariat for Defense Policy of the Ministry of Defense (Order of 18 July 2025), the XIII Course on Security and Defense: Spain&#8217;s role in the defense of Europe. The activity, coordinated by Prof. Dr [&hellip;]<\/p>\n","protected":false},"author":3782,"featured_media":0,"parent":0,"menu_order":0,"comment_status":"closed","ping_status":"closed","template":"","meta":{"_et_pb_use_builder":"on","_et_pb_old_content":"","_et_gb_content_width":"","_links_to":"","_links_to_target":""},"_links":{"self":[{"href":"https:\/\/catedrajeanmonnet.umh.es\/en\/wp-json\/wp\/v2\/pages\/6793"}],"collection":[{"href":"https:\/\/catedrajeanmonnet.umh.es\/en\/wp-json\/wp\/v2\/pages"}],"about":[{"href":"https:\/\/catedrajeanmonnet.umh.es\/en\/wp-json\/wp\/v2\/types\/page"}],"author":[{"embeddable":true,"href":"https:\/\/catedrajeanmonnet.umh.es\/en\/wp-json\/wp\/v2\/users\/3782"}],"replies":[{"embeddable":true,"href":"https:\/\/catedrajeanmonnet.umh.es\/en\/wp-json\/wp\/v2\/comments?post=6793"}],"version-history":[{"count":0,"href":"https:\/\/catedrajeanmonnet.umh.es\/en\/wp-json\/wp\/v2\/pages\/6793\/revisions"}],"wp:attachment":[{"href":"https:\/\/catedrajeanmonnet.umh.es\/en\/wp-json\/wp\/v2\/media?parent=6793"}],"curies":[{"name":"wp","href":"https:\/\/api.w.org\/{rel}","templated":true}]}}